{"id":2160,"date":"2019-01-20T20:34:51","date_gmt":"2019-01-20T19:34:51","guid":{"rendered":"https:\/\/colegiotorreanaz.es\/?page_id=2160"},"modified":"2021-02-26T10:15:46","modified_gmt":"2021-02-26T09:15:46","slug":"agenda-de-actividades","status":"publish","type":"page","link":"https:\/\/colegiotorreanaz.es\/?page_id=2160","title":{"rendered":"Agenda Actividades"},"content":{"rendered":"<p><div class=\"fusion-fullwidth fullwidth-box fusion-builder-row-1 nonhundred-percent-fullwidth non-hundred-percent-height-scrolling\" style=\"background-color: rgba(255,255,255,0);background-position: center center;background-repeat: no-repeat;padding-top:0px;padding-right:0px;padding-bottom:0px;padding-left:0px;margin-bottom: 0px;margin-top: 0px;border-width: 0px 0px 0px 0px;border-color:#e7e4e2;border-style:solid;\" ><div class=\"fusion-builder-row fusion-row\"><div class=\"fusion-layout-column fusion_builder_column fusion-builder-column-0 fusion_builder_column_1_1 1_1 fusion-one-full fusion-column-first fusion-column-last\" style=\"margin-top:10px;margin-bottom:10px;\"><div class=\"fusion-column-wrapper fusion-flex-column-wrapper-legacy\" style=\"background-position:left top;background-repeat:no-repeat;-webkit-background-size:cover;-moz-background-size:cover;-o-background-size:cover;background-size:cover;padding: 0px 0px 0px 0px;\"><style type=\"text\/css\"><\/style><div class=\"fusion-title title fusion-title-1 fusion-title-text fusion-title-size-one\" style=\"margin-top:0px;margin-right:0px;margin-bottom:15px;margin-left:0px;\"><h1 class=\"title-heading-left fusion-responsive-typography-calculated\" style=\"margin:0;--fontSize:55;line-height:1.15;\"><h3><span style=\"color: #ff9900;\">Pr\u00f3ximas actividades<\/span><\/h3><\/h1><span class=\"awb-title-spacer\"><\/span><div class=\"title-sep-container\"><div class=\"title-sep sep-\" style=\"border-color:#e7e4e2;\"><\/div><\/div><\/div><div class=\"fusion-sep-clear\"><\/div><div class=\"fusion-separator fusion-has-icon fusion-full-width-sep fusion-clearfix\" style=\"float:left;margin-top:10px;margin-bottom:40px;width:100%;\"><div class=\"fusion-separator-border sep-single sep-solid\" style=\"border-color:#5597c6;border-top-width:1px;\"><\/div><span class=\"icon-wrapper\" style=\"border-color:transparent;font-size:16px;width: 1.75em; height: 1.75em;border-width:1px;padding:1px;margin-top:-0.5px\"><i class=\"fa-angle-down fas\" style=\"font-size: inherit;color:#5597c6;\" aria-hidden=\"true\"><\/i><\/span><div class=\"fusion-separator-border sep-single sep-solid\" style=\"border-color:#5597c6;border-top-width:1px;\"><\/div><\/div><div class=\"fusion-sep-clear\"><\/div><div class=\"fusion-clearfix\"><\/div><\/div><\/div><\/div><\/div><div class=\"fusion-fullwidth fullwidth-box fusion-builder-row-2 nonhundred-percent-fullwidth non-hundred-percent-height-scrolling\" style=\"background-color: rgba(255,255,255,0);background-position: center center;background-repeat: no-repeat;padding-top:0px;padding-right:0px;padding-bottom:0px;padding-left:0px;margin-bottom: 0px;margin-top: 0px;border-width: 0px 0px 0px 0px;border-color:#e7e4e2;border-style:solid;\" ><div class=\"fusion-builder-row fusion-row\"><div class=\"fusion-layout-column fusion_builder_column fusion-builder-column-1 fusion_builder_column_1_1 1_1 fusion-one-full fusion-column-first fusion-column-last\" style=\"margin-top:10px;margin-bottom:10px;\"><div class=\"fusion-column-wrapper fusion-flex-column-wrapper-legacy\" style=\"background-position:left top;background-repeat:no-repeat;-webkit-background-size:cover;-moz-background-size:cover;-o-background-size:cover;background-size:cover;padding: 0px 0px 0px 0px;\"><div class=\"fusion-recent-posts fusion-recent-posts-1 avada-container layout-date-on-side layout-columns-3 fusion-recent-posts-infinite fusion-recent-posts-load-more\" data-pages=\"4\"><section class=\"fusion-columns columns fusion-columns-3 columns-3\"><article class=\"post fusion-column column col col-lg-4 col-md-4 col-sm-4\"><div class=\"fusion-date-and-formats\"><div class=\"fusion-date-box updated\"><span class=\"fusion-date\">22<\/span><span class=\"fusion-month-year\">10, 2023<\/span><\/div><div class=\"fusion-format-box\"><i class=\"awb-icon-pen\" aria-hidden=\"true\"><\/i><\/div><\/div><div class=\"recent-posts-content\"><span class=\"vcard\" style=\"display: none;\"><span class=\"fn\"><a href=\"https:\/\/colegiotorreanaz.es\/?author=4\" title=\"Entradas de webmaster\" rel=\"author\">webmaster<\/a><\/span><\/span><span class=\"updated\" style=\"display:none;\">2023-10-22T10:34:39+01:00<\/span><h4 class=\"entry-title\"><a href=\"https:\/\/colegiotorreanaz.es\/?p=7777\">1\u00ba de Primaria celebra otro aniversario<\/a><\/h4><p> \u00a1Los ni\u00f1os de 1\u00ba Primaria celebran el cumple de Torre\u00e1naz! Queridas familias: hoy los ni\u00f1os de 1\u00ba de primaria hemos tenido un d\u00eda s\u00faper especial. Como era el 54 aniversario de nuestro cole, hemos tenido unas actividades muy divertidas. A primera hora hemos hecho un \u201cDictado festivo con globos\u201d. <a href=\"https:\/\/colegiotorreanaz.es\/?p=7777\">[...]<\/a><\/p><\/div><\/article><article class=\"post fusion-column column col col-lg-4 col-md-4 col-sm-4\"><div class=\"fusion-date-and-formats\"><div class=\"fusion-date-box updated\"><span class=\"fusion-date\">22<\/span><span class=\"fusion-month-year\">04, 2023<\/span><\/div><div class=\"fusion-format-box\"><i class=\"awb-icon-pen\" aria-hidden=\"true\"><\/i><\/div><\/div><div class=\"recent-posts-content\"><span class=\"vcard\" style=\"display: none;\"><span class=\"fn\"><a href=\"https:\/\/colegiotorreanaz.es\/?author=4\" title=\"Entradas de webmaster\" rel=\"author\">webmaster<\/a><\/span><\/span><span class=\"updated\" style=\"display:none;\">2023-04-22T10:40:13+01:00<\/span><h4 class=\"entry-title\"><a href=\"https:\/\/colegiotorreanaz.es\/?p=7111\">Semana del Libro<\/a><\/h4><p> El Domingo 23 de abril es el D\u00eda del Libro. Es una conmemoraci\u00f3n celebrada cada a\u00f1o en esta fecha a nivel mundial, con el objetivo de fomentar la lectura, la industria editorial y la protecci\u00f3n de la propiedad intelectual por medio del derecho de autor. Desde 1988, es una <a href=\"https:\/\/colegiotorreanaz.es\/?p=7111\">[...]<\/a><\/p><\/div><\/article><article class=\"post fusion-column column col col-lg-4 col-md-4 col-sm-4\"><div class=\"fusion-date-and-formats\"><div class=\"fusion-date-box updated\"><span class=\"fusion-date\">11<\/span><span class=\"fusion-month-year\">05, 2021<\/span><\/div><div class=\"fusion-format-box\"><i class=\"awb-icon-pen\" aria-hidden=\"true\"><\/i><\/div><\/div><div class=\"recent-posts-content\"><span class=\"vcard\" style=\"display: none;\"><span class=\"fn\"><a href=\"https:\/\/colegiotorreanaz.es\/?author=4\" title=\"Entradas de webmaster\" rel=\"author\">webmaster<\/a><\/span><\/span><span class=\"updated\" style=\"display:none;\">2021-05-11T18:39:29+01:00<\/span><h4 class=\"entry-title\"><a href=\"https:\/\/colegiotorreanaz.es\/?p=4992\">D\u00eda escolar de las Matem\u00e1ticas<\/a><\/h4><p> El pr\u00f3ximo mi\u00e9rcoles 12 de mayo es el D\u00eda Escolar de las Matem\u00e1ticas y lo celebraremos en cada clase de matem\u00e1ticas con una jornada de juegos, retos y sorpresas. \u00a1Ya ver\u00e9is qu\u00e9 divertidos son los n\u00fameros!            <\/p><\/div><\/article><article class=\"post fusion-column column col col-lg-4 col-md-4 col-sm-4\"><div class=\"fusion-date-and-formats\"><div class=\"fusion-date-box updated\"><span class=\"fusion-date\">5<\/span><span class=\"fusion-month-year\">05, 2021<\/span><\/div><div class=\"fusion-format-box\"><i class=\"awb-icon-pen\" aria-hidden=\"true\"><\/i><\/div><\/div><div class=\"recent-posts-content\"><span class=\"vcard\" style=\"display: none;\"><span class=\"fn\"><a href=\"https:\/\/colegiotorreanaz.es\/?author=4\" title=\"Entradas de webmaster\" rel=\"author\">webmaster<\/a><\/span><\/span><span class=\"updated\" style=\"display:none;\">2021-05-05T15:17:43+01:00<\/span><h4 class=\"entry-title\"><a href=\"https:\/\/colegiotorreanaz.es\/?p=4950\">Concurso \u201cPortavoz\u201d 2021<\/a><\/h4><p> Los alumnos de Franc\u00e9s de 4 ESO, 1 BACH y 2 BACH. van a participar por primera vez en la 2\u00aa edici\u00f3n del Concurso de Fotograf\u00eda \u201cPortavoz\u201d organizado por el Instituto Franc\u00e9s de Espa\u00f1a, en colaboraci\u00f3n con la Embajada de Francia en Espa\u00f1a. Los objetivos del concurso son promover <a href=\"https:\/\/colegiotorreanaz.es\/?p=4950\">[...]<\/a><\/p><\/div><\/article><article class=\"post fusion-column column col col-lg-4 col-md-4 col-sm-4\"><div class=\"fusion-date-and-formats\"><div class=\"fusion-date-box updated\"><span class=\"fusion-date\">9<\/span><span class=\"fusion-month-year\">04, 2021<\/span><\/div><div class=\"fusion-format-box\"><i class=\"awb-icon-pen\" aria-hidden=\"true\"><\/i><\/div><\/div><div class=\"recent-posts-content\"><span class=\"vcard\" style=\"display: none;\"><span class=\"fn\"><a href=\"https:\/\/colegiotorreanaz.es\/?author=4\" title=\"Entradas de webmaster\" rel=\"author\">webmaster<\/a><\/span><\/span><span class=\"updated\" style=\"display:none;\">2021-04-09T16:34:42+01:00<\/span><h4 class=\"entry-title\"><a href=\"https:\/\/colegiotorreanaz.es\/?p=4706\">The Big Challenge is coming!<\/a><\/h4><p> Como ya hicimos en a\u00f1os anteriores, las semanas del 12 al 30 de abril volveremos a participar en el concurso de ingl\u00e9s online The Big Challenge. Nuestros alumnos de ESO afrontar\u00e1n el reto de contestar en 45 minutos a un cuestionario de 55 preguntas tipo test sobre gram\u00e1tica, vocabulario, <a href=\"https:\/\/colegiotorreanaz.es\/?p=4706\">[...]<\/a><\/p><\/div><\/article><article class=\"post fusion-column column col col-lg-4 col-md-4 col-sm-4\"><div class=\"fusion-date-and-formats\"><div class=\"fusion-date-box updated\"><span class=\"fusion-date\">25<\/span><span class=\"fusion-month-year\">02, 2021<\/span><\/div><div class=\"fusion-format-box\"><i class=\"awb-icon-pen\" aria-hidden=\"true\"><\/i><\/div><\/div><div class=\"recent-posts-content\"><span class=\"vcard\" style=\"display: none;\"><span class=\"fn\"><a href=\"https:\/\/colegiotorreanaz.es\/?author=4\" title=\"Entradas de webmaster\" rel=\"author\">webmaster<\/a><\/span><\/span><span class=\"updated\" style=\"display:none;\">2021-02-26T16:07:34+01:00<\/span><h4 class=\"entry-title\"><a href=\"https:\/\/colegiotorreanaz.es\/?p=4522\">D\u00eda del n\u00famero PI<\/a><\/h4><p> El pr\u00f3ximo 14 de marzo es el D\u00eda Internacional del N\u00famero PI. Este a\u00f1o cae en domingo, as\u00ed que lo celebraremos el dia 15 realizando diferentes actividades\u00a0 relacionadas con las curiosidades que genera este misterioso n\u00famero. \u00a1Comienza la cuenta atr\u00e1s!        <\/p><\/div><\/article><article class=\"post fusion-column column col col-lg-4 col-md-4 col-sm-4\"><div class=\"fusion-date-and-formats\"><div class=\"fusion-date-box updated\"><span class=\"fusion-date\">24<\/span><span class=\"fusion-month-year\">02, 2021<\/span><\/div><div class=\"fusion-format-box\"><i class=\"awb-icon-pen\" aria-hidden=\"true\"><\/i><\/div><\/div><div class=\"recent-posts-content\"><span class=\"vcard\" style=\"display: none;\"><span class=\"fn\"><a href=\"https:\/\/colegiotorreanaz.es\/?author=4\" title=\"Entradas de webmaster\" rel=\"author\">webmaster<\/a><\/span><\/span><span class=\"updated\" style=\"display:none;\">2021-02-26T16:08:21+01:00<\/span><h4 class=\"entry-title\"><a href=\"https:\/\/colegiotorreanaz.es\/?p=4447\">X OLIMPIADA DE ECONOM\u00cdA<\/a><\/h4><p> El 26 de marzo de 2021 se celebrar\u00e1 la Olimpiada de Econom\u00eda. Pueden participar los alumnos que est\u00e9n matriculados durante este curso en la asignatura de Econom\u00eda de la Empresa de 2\u00ba de bachillerato. El\u00a0 periodo de inscripci\u00f3n concluye el 12 de marzo. Los alumnos interesados deber\u00e1n cumplimentar debidamente <a href=\"https:\/\/colegiotorreanaz.es\/?p=4447\">[...]<\/a><\/p><\/div><\/article><article class=\"post fusion-column column col col-lg-4 col-md-4 col-sm-4\"><div class=\"fusion-date-and-formats\"><div class=\"fusion-date-box updated\"><span class=\"fusion-date\">13<\/span><span class=\"fusion-month-year\">02, 2021<\/span><\/div><div class=\"fusion-format-box\"><i class=\"awb-icon-pen\" aria-hidden=\"true\"><\/i><\/div><\/div><div class=\"recent-posts-content\"><span class=\"vcard\" style=\"display: none;\"><span class=\"fn\"><a href=\"https:\/\/colegiotorreanaz.es\/?author=4\" title=\"Entradas de webmaster\" rel=\"author\">webmaster<\/a><\/span><\/span><span class=\"updated\" style=\"display:none;\">2021-02-13T20:05:50+01:00<\/span><h4 class=\"entry-title\"><a href=\"https:\/\/colegiotorreanaz.es\/?p=4274\">Jornada universitaria de puertas abiertas<\/a><\/h4><p> Los d\u00edas 25 y 26 de Febrero, los alumnos de Bachillerato, 4\u00ba ESO y 2\u00ba de Grado Superior participar\u00e1n en una jornada de Puertas Abiertas, con ponentes de distintas carreras donde podr\u00e1n informarse de las salidas profesionales al finalizar su etapa de estudios de Bachillerato y Formaci\u00f3n Profesional.  <a href=\"https:\/\/colegiotorreanaz.es\/?p=4274\">[...]<\/a><\/p><\/div><\/article><article class=\"post fusion-column column col col-lg-4 col-md-4 col-sm-4\"><div class=\"fusion-date-and-formats\"><div class=\"fusion-date-box updated\"><span class=\"fusion-date\">13<\/span><span class=\"fusion-month-year\">02, 2021<\/span><\/div><div class=\"fusion-format-box\"><i class=\"awb-icon-pen\" aria-hidden=\"true\"><\/i><\/div><\/div><div class=\"recent-posts-content\"><span class=\"vcard\" style=\"display: none;\"><span class=\"fn\"><a href=\"https:\/\/colegiotorreanaz.es\/?author=4\" title=\"Entradas de webmaster\" rel=\"author\">webmaster<\/a><\/span><\/span><span class=\"updated\" style=\"display:none;\">2021-02-13T19:54:12+01:00<\/span><h4 class=\"entry-title\"><a href=\"https:\/\/colegiotorreanaz.es\/?p=4272\">La ciencia de la pandemia<\/a><\/h4><p> El d\u00eda 19, viernes, los alumnos de Enfermer\u00eda tendr\u00e1n una Conferencia virtual \u201cLa Ciencia de la Pandemia\u201d a cargo de D. Jos\u00e9 Ramos Vivas. Es Doctor en Ciencias Biol\u00f3gicas, investigador y divulgador cient\u00edfico. \u00a0miembro de la Sociedad Espa\u00f1ola de Microbiolog\u00eda (SEM), de la Sociedad Espa\u00f1ola de Enfermedades Infecciosas y <a href=\"https:\/\/colegiotorreanaz.es\/?p=4272\">[...]<\/a><\/p><\/div><\/article><article class=\"post fusion-column column col col-lg-4 col-md-4 col-sm-4\"><div class=\"fusion-date-and-formats\"><div class=\"fusion-date-box updated\"><span class=\"fusion-date\">1<\/span><span class=\"fusion-month-year\">02, 2021<\/span><\/div><div class=\"fusion-format-box\"><i class=\"awb-icon-pen\" aria-hidden=\"true\"><\/i><\/div><\/div><div class=\"recent-posts-content\"><span class=\"vcard\" style=\"display: none;\"><span class=\"fn\"><a href=\"https:\/\/colegiotorreanaz.es\/?author=4\" title=\"Entradas de webmaster\" rel=\"author\">webmaster<\/a><\/span><\/span><span class=\"updated\" style=\"display:none;\">2021-02-25T19:11:19+01:00<\/span><h4 class=\"entry-title\"><a href=\"https:\/\/colegiotorreanaz.es\/?p=4206\">Encuentro virtual de embajadores junior<\/a><\/h4><p> El pr\u00f3ximo lunes 8 de febrero, nuestros \u201cembajadores junior del Parlamento Europeo\u201d participar\u00e1n en el primer encuentro virtual, a trav\u00e9s de la plataforma \u201cGo to Meeting\u201d,\u00a0 sobre el funcionamiento de las instituciones europeas, organizado por la Oficina de Asuntos Europeos- Europe Direct Cantabria, dentro del proyecto \u201cEscucha Europa\u201d. Gracias <a href=\"https:\/\/colegiotorreanaz.es\/?p=4206\">[...]<\/a><\/p><\/div><\/article><article class=\"post fusion-column column col col-lg-4 col-md-4 col-sm-4\"><div class=\"fusion-date-and-formats\"><div class=\"fusion-date-box updated\"><span class=\"fusion-date\">28<\/span><span class=\"fusion-month-year\">01, 2021<\/span><\/div><div class=\"fusion-format-box\"><i class=\"awb-icon-pen\" aria-hidden=\"true\"><\/i><\/div><\/div><div class=\"recent-posts-content\"><span class=\"vcard\" style=\"display: none;\"><span class=\"fn\"><a href=\"https:\/\/colegiotorreanaz.es\/?author=4\" title=\"Entradas de webmaster\" rel=\"author\">webmaster<\/a><\/span><\/span><span class=\"updated\" style=\"display:none;\">2021-01-28T19:03:05+01:00<\/span><h4 class=\"entry-title\"><a href=\"https:\/\/colegiotorreanaz.es\/?p=4187\">Concurso de religi\u00f3n<\/a><\/h4><p> Para el curso acad\u00e9mico 2020-2021, los profesores del departamento de Religi\u00f3n Cat\u00f3lica, hemos organizado un concurso con los alumnos de las distintas clases, para aprender de una forma m\u00e1s motivadora y divertida. Cada clase tiene organizados sus equipos. Estos, tienen tres o cuatro componentes, dependiendo del n\u00famero de alumnos <a href=\"https:\/\/colegiotorreanaz.es\/?p=4187\">[...]<\/a><\/p><\/div><\/article><article class=\"post fusion-column column col col-lg-4 col-md-4 col-sm-4\"><div class=\"fusion-date-and-formats\"><div class=\"fusion-date-box updated\"><span class=\"fusion-date\">26<\/span><span class=\"fusion-month-year\">11, 2020<\/span><\/div><div class=\"fusion-format-box\"><i class=\"awb-icon-pen\" aria-hidden=\"true\"><\/i><\/div><\/div><div class=\"recent-posts-content\"><span class=\"vcard\" style=\"display: none;\"><span class=\"fn\"><a href=\"https:\/\/colegiotorreanaz.es\/?author=4\" title=\"Entradas de webmaster\" rel=\"author\">webmaster<\/a><\/span><\/span><span class=\"updated\" style=\"display:none;\">2021-02-25T19:14:07+01:00<\/span><h4 class=\"entry-title\"><a href=\"https:\/\/colegiotorreanaz.es\/?p=4112\">Escuela Embajadora del Parlamento Europeo<\/a><\/h4><p> Durante todo el presente curso, los alumnos de 4\u00ba ESO que cursan la asignatura de Econom\u00eda participar\u00e1n en la sexta edici\u00f3n del programa educativo \u201cEscuelas Embajadoras del Parlamento Europeo\u201d, que organiza la Direcci\u00f3n General de Comunicaci\u00f3n del Parlamento Europeo. Este proyecto, en el que cooperan 114 centros de ense\u00f1anza <a href=\"https:\/\/colegiotorreanaz.es\/?p=4112\">[...]<\/a><\/p><\/div><\/article><\/section><div class=\"fusion-infinite-scroll-trigger\"><\/div><div class=\"pagination infinite-scroll clearfix\" style=\"display:none;\"><span class=\"current\">1<\/span><a href=\"https:\/\/colegiotorreanaz.es\/index.php?rest_route=%2Fwp%2Fv2%2Fpages%2F2160&#038;paged=2\" class=\"inactive\">2<\/a><a class=\"pagination-next\" rel=\"next\" href=\"https:\/\/colegiotorreanaz.es\/index.php?rest_route=%2Fwp%2Fv2%2Fpages%2F2160&#038;paged=2\"><span class=\"page-text\">Siguiente<\/span><span class=\"page-next\"><\/span><\/a><\/div><div class=\"fusion-clearfix\"><\/div><button class=\"fusion-load-more-button fusion-blog-button fusion-clearfix\">Load More Posts<\/button><\/div><div class=\"fusion-clearfix\"><\/div><\/div><\/div><\/div><\/div><div class=\"fusion-fullwidth fullwidth-box fusion-builder-row-3 nonhundred-percent-fullwidth non-hundred-percent-height-scrolling\" style=\"background-color: rgba(255,255,255,0);background-position: center center;background-repeat: no-repeat;padding-top:0px;padding-right:0px;padding-bottom:0px;padding-left:0px;margin-bottom: 0px;margin-top: 0px;border-width: 0px 0px 0px 0px;border-color:#e7e4e2;border-style:solid;\" ><div class=\"fusion-builder-row fusion-row\"><div class=\"fusion-layout-column fusion_builder_column fusion-builder-column-2 fusion_builder_column_1_1 1_1 fusion-one-full fusion-column-first fusion-column-last\" style=\"margin-top:10px;margin-bottom:10px;\"><div class=\"fusion-column-wrapper fusion-flex-column-wrapper-legacy\" style=\"background-position:left top;background-repeat:no-repeat;-webkit-background-size:cover;-moz-background-size:cover;-o-background-size:cover;background-size:cover;padding: 0px 0px 0px 0px;\"><style type=\"text\/css\"><\/style><div class=\"fusion-title title fusion-title-2 fusion-title-text fusion-title-size-one\" style=\"margin-top:0px;margin-right:0px;margin-bottom:10px;margin-left:0px;\"><h1 class=\"title-heading-left fusion-responsive-typography-calculated\" style=\"margin:0;--fontSize:55;line-height:1.15;\"><h3><span style=\"color: #ff9900;\">Ultimas noticias<\/span><\/h3><\/h1><span class=\"awb-title-spacer\"><\/span><div class=\"title-sep-container\"><div class=\"title-sep sep-\" style=\"border-color:#e7e4e2;\"><\/div><\/div><\/div><div class=\"fusion-sep-clear\"><\/div><div class=\"fusion-separator fusion-has-icon fusion-full-width-sep fusion-clearfix\" style=\"float:left;margin-top:10px;margin-bottom:40px;width:100%;\"><div class=\"fusion-separator-border sep-single sep-solid\" style=\"border-color:#5597c6;border-top-width:1px;\"><\/div><span class=\"icon-wrapper\" style=\"border-color:transparent;font-size:16px;width: 1.75em; height: 1.75em;border-width:1px;padding:1px;margin-top:-0.5px\"><i class=\"fa-angle-down fas\" style=\"font-size: inherit;color:#5597c6;\" aria-hidden=\"true\"><\/i><\/span><div class=\"fusion-separator-border sep-single sep-solid\" style=\"border-color:#5597c6;border-top-width:1px;\"><\/div><\/div><div class=\"fusion-sep-clear\"><\/div><div class=\"fusion-post-slider fusion-flexslider fusion-flexslider-loading flexslider-posts-with-excerpt\"><ul class=\"slides\"><li><a href=\"https:\/\/colegiotorreanaz.es\/?p=9243\" aria-label=\"Entrega de la cruz del monaguillo\"><img decoding=\"async\" width=\"2560\" height=\"1920\" class=\"wp-image-9264\" src=\"https:\/\/colegiotorreanaz.es\/wp-content\/uploads\/2026\/07\/111_0423-1-scaled.jpg\" alt=\"\" srcset=\"https:\/\/colegiotorreanaz.es\/wp-content\/uploads\/2026\/07\/111_0423-1-200x150.jpg 200w, https:\/\/colegiotorreanaz.es\/wp-content\/uploads\/2026\/07\/111_0423-1-400x300.jpg 400w, https:\/\/colegiotorreanaz.es\/wp-content\/uploads\/2026\/07\/111_0423-1-600x450.jpg 600w, https:\/\/colegiotorreanaz.es\/wp-content\/uploads\/2026\/07\/111_0423-1-800x600.jpg 800w, https:\/\/colegiotorreanaz.es\/wp-content\/uploads\/2026\/07\/111_0423-1-1200x900.jpg 1200w, https:\/\/colegiotorreanaz.es\/wp-content\/uploads\/2026\/07\/111_0423-1-scaled.jpg 2560w\" sizes=\"(max-width: 1000px) 100vw, 2560px\" \/><\/a><div class=\"slide-excerpt\"><div class=\"excerpt-container\"><h2><a href=\"https:\/\/colegiotorreanaz.es\/?p=9243\">Entrega de la cruz del monaguillo<\/a><\/h2><p> CEREMONIA DE ENTREGA DE LA CRUZ DEL MONAGUILLO En el marco de la semana dedicada a Nuestra Se\u00f1ora del Sagrado Coraz\u00f3n, se celebr\u00f3 un acto en el templo presidido por don Miguel coma cuyo <a href=\"https:\/\/colegiotorreanaz.es\/?p=9243\">[...]<\/a><\/p><\/div><\/div><\/li><li><a href=\"https:\/\/colegiotorreanaz.es\/?p=9232\" aria-label=\"Bautizos de adultos\"><img decoding=\"async\" width=\"2560\" height=\"1920\" class=\"wp-image-9241\" src=\"https:\/\/colegiotorreanaz.es\/wp-content\/uploads\/2026\/06\/IMG_1017-scaled.jpg\" alt=\"\" srcset=\"https:\/\/colegiotorreanaz.es\/wp-content\/uploads\/2026\/06\/IMG_1017-200x150.jpg 200w, https:\/\/colegiotorreanaz.es\/wp-content\/uploads\/2026\/06\/IMG_1017-400x300.jpg 400w, https:\/\/colegiotorreanaz.es\/wp-content\/uploads\/2026\/06\/IMG_1017-600x450.jpg 600w, https:\/\/colegiotorreanaz.es\/wp-content\/uploads\/2026\/06\/IMG_1017-800x600.jpg 800w, https:\/\/colegiotorreanaz.es\/wp-content\/uploads\/2026\/06\/IMG_1017-1200x900.jpg 1200w, https:\/\/colegiotorreanaz.es\/wp-content\/uploads\/2026\/06\/IMG_1017-scaled.jpg 2560w\" sizes=\"(max-width: 1000px) 100vw, 2560px\" \/><\/a><div class=\"slide-excerpt\"><div class=\"excerpt-container\"><h2><a href=\"https:\/\/colegiotorreanaz.es\/?p=9232\">Bautizos de adultos<\/a><\/h2><p> Tres alumnos adultos han recibido, durante el mes de junio, el Sacramento del Bautismo en Ampuero, de la mano de D. Francisco, quien, a lo largo del curso los ha ido preprando en unas <a href=\"https:\/\/colegiotorreanaz.es\/?p=9232\">[...]<\/a><\/p><\/div><\/div><\/li><li><a href=\"https:\/\/colegiotorreanaz.es\/?p=9211\" aria-label=\"Torre\u00e1naz con el Papa Le\u00f3n en Madrid\"><img decoding=\"async\" width=\"2016\" height=\"1512\" class=\"wp-image-9221\" src=\"https:\/\/colegiotorreanaz.es\/wp-content\/uploads\/2026\/06\/Image-20.jpg\" alt=\"\" srcset=\"https:\/\/colegiotorreanaz.es\/wp-content\/uploads\/2026\/06\/Image-20-200x150.jpg 200w, https:\/\/colegiotorreanaz.es\/wp-content\/uploads\/2026\/06\/Image-20-400x300.jpg 400w, https:\/\/colegiotorreanaz.es\/wp-content\/uploads\/2026\/06\/Image-20-600x450.jpg 600w, https:\/\/colegiotorreanaz.es\/wp-content\/uploads\/2026\/06\/Image-20-800x600.jpg 800w, https:\/\/colegiotorreanaz.es\/wp-content\/uploads\/2026\/06\/Image-20-1200x900.jpg 1200w, https:\/\/colegiotorreanaz.es\/wp-content\/uploads\/2026\/06\/Image-20.jpg 2016w\" sizes=\"(max-width: 1000px) 100vw, 2016px\" \/><\/a><div class=\"slide-excerpt\"><div class=\"excerpt-container\"><h2><a href=\"https:\/\/colegiotorreanaz.es\/?p=9211\">Torre\u00e1naz con el Papa Le\u00f3n en Madrid<\/a><\/h2><p> \u00a0 Los d\u00edas 5, 6 y 7 de junio, un grupo de alumnos de 2.\u00ba, 3.\u00ba y 4.\u00ba de ESO y de Bachillerato, junto con algunas profesoras y hermanas del Colegio Torre\u00e1naz, tuvimos la <a href=\"https:\/\/colegiotorreanaz.es\/?p=9211\">[...]<\/a><\/p><\/div><\/div><\/li><li><a href=\"https:\/\/colegiotorreanaz.es\/?p=9207\" aria-label=\"Luis Romero, clasificado en la Olimpiada Matem\u00e1tica\"><img decoding=\"async\" width=\"434\" height=\"634\" class=\"wp-image-9208\" src=\"https:\/\/colegiotorreanaz.es\/wp-content\/uploads\/2026\/06\/Imagen1.png\" alt=\"\" srcset=\"https:\/\/colegiotorreanaz.es\/wp-content\/uploads\/2026\/06\/Imagen1-200x292.png 200w, https:\/\/colegiotorreanaz.es\/wp-content\/uploads\/2026\/06\/Imagen1-400x584.png 400w, https:\/\/colegiotorreanaz.es\/wp-content\/uploads\/2026\/06\/Imagen1.png 434w\" sizes=\"(max-width: 1000px) 100vw, 434px\" \/><\/a><div class=\"slide-excerpt\"><div class=\"excerpt-container\"><h2><a href=\"https:\/\/colegiotorreanaz.es\/?p=9207\">Luis Romero, clasificado en la Olimpiada Matem\u00e1tica<\/a><\/h2><p> Desde el Colegio Torre\u00e1naz queremos felicitar a Luis Romero por su excelente participaci\u00f3n en la XXIX Olimpiada Matem\u00e1tica J\u00fanior de Cantabria, donde ha conseguido situarse entre los 10 primeros clasificados. Este destacado logro es <a href=\"https:\/\/colegiotorreanaz.es\/?p=9207\">[...]<\/a><\/p><\/div><\/div><\/li><li><a href=\"https:\/\/colegiotorreanaz.es\/?p=9188\" aria-label=\"Pau Redondo de la Flor, campe\u00f3n del V Torneo Master Chess Junior Colegio Torre\u00e1naz\"><img decoding=\"async\" width=\"1600\" height=\"1200\" class=\"wp-image-9197\" src=\"https:\/\/colegiotorreanaz.es\/wp-content\/uploads\/2026\/06\/9.jpeg\" alt=\"\" srcset=\"https:\/\/colegiotorreanaz.es\/wp-content\/uploads\/2026\/06\/9-200x150.jpeg 200w, https:\/\/colegiotorreanaz.es\/wp-content\/uploads\/2026\/06\/9-400x300.jpeg 400w, https:\/\/colegiotorreanaz.es\/wp-content\/uploads\/2026\/06\/9-600x450.jpeg 600w, https:\/\/colegiotorreanaz.es\/wp-content\/uploads\/2026\/06\/9-800x600.jpeg 800w, https:\/\/colegiotorreanaz.es\/wp-content\/uploads\/2026\/06\/9-1200x900.jpeg 1200w, https:\/\/colegiotorreanaz.es\/wp-content\/uploads\/2026\/06\/9.jpeg 1600w\" sizes=\"(max-width: 1000px) 100vw, 1600px\" \/><\/a><div class=\"slide-excerpt\"><div class=\"excerpt-container\"><h2><a href=\"https:\/\/colegiotorreanaz.es\/?p=9188\">Pau Redondo de la Flor, campe\u00f3n del V Torneo Master Chess Junior Colegio Torre\u00e1naz<\/a><\/h2><p> Pau Redondo de la Flor se proclama campe\u00f3n del V Torneo Master Chess Junior Colegio Torre\u00e1naz El pasado mi\u00e9rcoles 27 de mayo se celebr\u00f3 la gran final del V Torneo de Ajedrez Master Chess <a href=\"https:\/\/colegiotorreanaz.es\/?p=9188\">[...]<\/a><\/p><\/div><\/div><\/li><li><a href=\"https:\/\/colegiotorreanaz.es\/?p=9186\" aria-label=\"Confirmaciones en la Catedral\"><img decoding=\"async\" width=\"2048\" height=\"1536\" class=\"wp-image-9175\" src=\"https:\/\/colegiotorreanaz.es\/wp-content\/uploads\/2026\/05\/Image-2-3.jpg\" alt=\"\" srcset=\"https:\/\/colegiotorreanaz.es\/wp-content\/uploads\/2026\/05\/Image-2-3-200x150.jpg 200w, https:\/\/colegiotorreanaz.es\/wp-content\/uploads\/2026\/05\/Image-2-3-400x300.jpg 400w, https:\/\/colegiotorreanaz.es\/wp-content\/uploads\/2026\/05\/Image-2-3-600x450.jpg 600w, https:\/\/colegiotorreanaz.es\/wp-content\/uploads\/2026\/05\/Image-2-3-800x600.jpg 800w, https:\/\/colegiotorreanaz.es\/wp-content\/uploads\/2026\/05\/Image-2-3-1200x900.jpg 1200w, https:\/\/colegiotorreanaz.es\/wp-content\/uploads\/2026\/05\/Image-2-3.jpg 2048w\" sizes=\"(max-width: 1000px) 100vw, 2048px\" \/><\/a><div class=\"slide-excerpt\"><div class=\"excerpt-container\"><h2><a href=\"https:\/\/colegiotorreanaz.es\/?p=9186\">Confirmaciones en la Catedral<\/a><\/h2><p> 36 alumnos de 4\u00ba y bachillerato mas dos antiguos alumnos recibieron en la catedral, de manos de nuestro Obispo, D. Arturo, el sacramento de la Confirmaci\u00f3n el pasado martes, 26 de mayo. Una celebraci\u00f3n <a href=\"https:\/\/colegiotorreanaz.es\/?p=9186\">[...]<\/a><\/p><\/div><\/div><\/li><li><a href=\"https:\/\/colegiotorreanaz.es\/?p=9167\" aria-label=\"4\u00ba ESO en el descenso del Sella\"><img decoding=\"async\" width=\"1179\" height=\"2556\" class=\"wp-image-9170\" src=\"https:\/\/colegiotorreanaz.es\/wp-content\/uploads\/2026\/05\/Image-9.jpg\" alt=\"\" srcset=\"https:\/\/colegiotorreanaz.es\/wp-content\/uploads\/2026\/05\/Image-9-200x434.jpg 200w, https:\/\/colegiotorreanaz.es\/wp-content\/uploads\/2026\/05\/Image-9-400x867.jpg 400w, https:\/\/colegiotorreanaz.es\/wp-content\/uploads\/2026\/05\/Image-9-600x1301.jpg 600w, https:\/\/colegiotorreanaz.es\/wp-content\/uploads\/2026\/05\/Image-9-800x1734.jpg 800w, https:\/\/colegiotorreanaz.es\/wp-content\/uploads\/2026\/05\/Image-9.jpg 1179w\" sizes=\"(max-width: 1000px) 100vw, 1179px\" \/><\/a><div class=\"slide-excerpt\"><div class=\"excerpt-container\"><h2><a href=\"https:\/\/colegiotorreanaz.es\/?p=9167\">4\u00ba ESO en el descenso del Sella<\/a><\/h2><p> Los alumnos de 4\u00ba ESO tuvieron su salida, este a\u00f1o, por primera vez, a Cangas para participar en actividades de tirolinas durante la ma\u00f1ana y vivir la maravillosa experiencia de hacer el descenso del <a href=\"https:\/\/colegiotorreanaz.es\/?p=9167\">[...]<\/a><\/p><\/div><\/div><\/li><li><a href=\"https:\/\/colegiotorreanaz.es\/?p=9164\" aria-label=\"Charla informativa sobre el Bachillerato Dual\"><img decoding=\"async\" width=\"999\" height=\"707\" class=\"wp-image-9165\" src=\"https:\/\/colegiotorreanaz.es\/wp-content\/uploads\/2026\/05\/pf_1779301058.png\" alt=\"\" srcset=\"https:\/\/colegiotorreanaz.es\/wp-content\/uploads\/2026\/05\/pf_1779301058-200x142.png 200w, https:\/\/colegiotorreanaz.es\/wp-content\/uploads\/2026\/05\/pf_1779301058-400x283.png 400w, https:\/\/colegiotorreanaz.es\/wp-content\/uploads\/2026\/05\/pf_1779301058-600x425.png 600w, https:\/\/colegiotorreanaz.es\/wp-content\/uploads\/2026\/05\/pf_1779301058-800x566.png 800w, https:\/\/colegiotorreanaz.es\/wp-content\/uploads\/2026\/05\/pf_1779301058.png 999w\" sizes=\"(max-width: 1000px) 100vw, 999px\" \/><\/a><div class=\"slide-excerpt\"><div class=\"excerpt-container\"><h2><a href=\"https:\/\/colegiotorreanaz.es\/?p=9164\">Charla informativa sobre el Bachillerato Dual<\/a><\/h2><p> Charla informativa sobre el Bachillerato Dual El colegio ha acogido una charla informativa dirigida a las familias sobre el Bachillerato Dual, impartida por nuestro Area Manager, V\u00edctor Zarauza. Durante la sesi\u00f3n, se ofreci\u00f3 una <a href=\"https:\/\/colegiotorreanaz.es\/?p=9164\">[...]<\/a><\/p><\/div><\/div><\/li><li><a href=\"https:\/\/colegiotorreanaz.es\/?p=9149\" aria-label=\"LOS ALUMNOS DE 2\u00ba ESO PARTICIPAN EN LA EVALUACI\u00d3N DE DIAGN\u00d3STICO\"><img decoding=\"async\" width=\"1200\" height=\"1600\" class=\"wp-image-9151\" src=\"https:\/\/colegiotorreanaz.es\/wp-content\/uploads\/2026\/05\/16.jpeg\" alt=\"\" srcset=\"https:\/\/colegiotorreanaz.es\/wp-content\/uploads\/2026\/05\/16-200x267.jpeg 200w, https:\/\/colegiotorreanaz.es\/wp-content\/uploads\/2026\/05\/16-400x533.jpeg 400w, https:\/\/colegiotorreanaz.es\/wp-content\/uploads\/2026\/05\/16-600x800.jpeg 600w, https:\/\/colegiotorreanaz.es\/wp-content\/uploads\/2026\/05\/16-800x1067.jpeg 800w, https:\/\/colegiotorreanaz.es\/wp-content\/uploads\/2026\/05\/16.jpeg 1200w\" sizes=\"(max-width: 1000px) 100vw, 1200px\" \/><\/a><div class=\"slide-excerpt\"><div class=\"excerpt-container\"><h2><a href=\"https:\/\/colegiotorreanaz.es\/?p=9149\">LOS ALUMNOS DE 2\u00ba ESO PARTICIPAN EN LA EVALUACI\u00d3N DE DIAGN\u00d3STICO<\/a><\/h2><p> \u00a0 LOS ALUMNOS DE 2\u00ba ESO PARTICIPAN EN LA EVALUACI\u00d3N DE DIAGN\u00d3STICO Con el objeto de valorar el grado de adquisici\u00f3n de las competencias clave del alumnado, nuestros estudiantes de 2\u00ba de ESO han <a href=\"https:\/\/colegiotorreanaz.es\/?p=9149\">[...]<\/a><\/p><\/div><\/div><\/li><li><a href=\"https:\/\/colegiotorreanaz.es\/?p=9142\" aria-label=\"\u201cVISITA A LA DELEGACI\u00d3N DE HACIENDA Y EL SERVICIO DE VIGILANCIA ADUANERO\u201d\"><img decoding=\"async\" width=\"999\" height=\"707\" class=\"wp-image-9147\" src=\"https:\/\/colegiotorreanaz.es\/wp-content\/uploads\/2026\/05\/Collage-AEAT-y-aduanas-3.png\" alt=\"\" srcset=\"https:\/\/colegiotorreanaz.es\/wp-content\/uploads\/2026\/05\/Collage-AEAT-y-aduanas-3-200x142.png 200w, https:\/\/colegiotorreanaz.es\/wp-content\/uploads\/2026\/05\/Collage-AEAT-y-aduanas-3-400x283.png 400w, https:\/\/colegiotorreanaz.es\/wp-content\/uploads\/2026\/05\/Collage-AEAT-y-aduanas-3-600x425.png 600w, https:\/\/colegiotorreanaz.es\/wp-content\/uploads\/2026\/05\/Collage-AEAT-y-aduanas-3-800x566.png 800w, https:\/\/colegiotorreanaz.es\/wp-content\/uploads\/2026\/05\/Collage-AEAT-y-aduanas-3.png 999w\" sizes=\"(max-width: 1000px) 100vw, 999px\" \/><\/a><div class=\"slide-excerpt\"><div class=\"excerpt-container\"><h2><a href=\"https:\/\/colegiotorreanaz.es\/?p=9142\">\u201cVISITA A LA DELEGACI\u00d3N DE HACIENDA Y EL SERVICIO DE VIGILANCIA ADUANERO\u201d<\/a><\/h2><p> \u201cVISITA A LA DELEGACI\u00d3N DE HACIENDA Y EL SERVICIO DE VIGILANCIA ADUANERO\u201d Los alumnos de 4\u00ba de ESO que cursan la asignatura de \u201cEconom\u00eda y Emprendimiento\u201d, junto con los estudiantes de 1\u00ba de Bachillerato <a href=\"https:\/\/colegiotorreanaz.es\/?p=9142\">[...]<\/a><\/p><\/div><\/div><\/li><\/ul><\/div><div class=\"fusion-clearfix\"><\/div><\/div><\/div><\/div><\/div><\/p>\n","protected":false},"excerpt":{"rendered":"","protected":false},"author":1,"featured_media":0,"parent":0,"menu_order":0,"comment_status":"closed","ping_status":"closed","template":"","meta":{"footnotes":""},"class_list":["post-2160","page","type-page","status-publish","hentry"],"_links":{"self":[{"href":"https:\/\/colegiotorreanaz.es\/index.php?rest_route=\/wp\/v2\/pages\/2160","targetHints":{"allow":["GET"]}}],"collection":[{"href":"https:\/\/colegiotorreanaz.es\/index.php?rest_route=\/wp\/v2\/pages"}],"about":[{"href":"https:\/\/colegiotorreanaz.es\/index.php?rest_route=\/wp\/v2\/types\/page"}],"author":[{"embeddable":true,"href":"https:\/\/colegiotorreanaz.es\/index.php?rest_route=\/wp\/v2\/users\/1"}],"replies":[{"embeddable":true,"href":"https:\/\/colegiotorreanaz.es\/index.php?rest_route=%2Fwp%2Fv2%2Fcomments&post=2160"}],"version-history":[{"count":37,"href":"https:\/\/colegiotorreanaz.es\/index.php?rest_route=\/wp\/v2\/pages\/2160\/revisions"}],"predecessor-version":[{"id":4555,"href":"https:\/\/colegiotorreanaz.es\/index.php?rest_route=\/wp\/v2\/pages\/2160\/revisions\/4555"}],"wp:attachment":[{"href":"https:\/\/colegiotorreanaz.es\/index.php?rest_route=%2Fwp%2Fv2%2Fmedia&parent=2160"}],"curies":[{"name":"wp","href":"https:\/\/api.w.org\/{rel}","templated":true}]}}